{"id":1165,"date":"2022-01-14T10:08:48","date_gmt":"2022-01-14T10:08:48","guid":{"rendered":"https:\/\/www.allaccessability.it\/entornos\/"},"modified":"2022-06-10T13:03:12","modified_gmt":"2022-06-10T13:03:12","slug":"entornos","status":"publish","type":"page","link":"https:\/\/www.allaccessability.it\/es\/entornos\/","title":{"rendered":"Entornos"},"content":{"rendered":"\t\t<div data-elementor-type=\"wp-page\" data-elementor-id=\"1165\" class=\"elementor elementor-1165 elementor-31\">\n\t\t\t\t\t\t\t\t\t<section class=\"elementor-section elementor-top-section elementor-element elementor-element-de7495b elementor-section-full_width elementor-section-height-default elementor-section-height-default\" data-id=\"de7495b\" data-element_type=\"section\">\n\t\t\t\t\t\t<div class=\"elementor-container elementor-column-gap-default\">\n\t\t\t\t\t<div class=\"elementor-column elementor-col-50 elementor-top-column elementor-element elementor-element-c914ca3\" data-id=\"c914ca3\" data-element_type=\"column\">\n\t\t\t<div class=\"elementor-widget-wrap elementor-element-populated\">\n\t\t\t\t\t\t\t\t<div class=\"elementor-element elementor-element-86619eb elementor-widget elementor-widget-image\" data-id=\"86619eb\" data-element_type=\"widget\" data-widget_type=\"image.default\">\n\t\t\t\t<div class=\"elementor-widget-container\">\n\t\t\t<style>\/*! elementor - v3.8.1 - 13-11-2022 *\/\n.elementor-widget-image{text-align:center}.elementor-widget-image a{display:inline-block}.elementor-widget-image a img[src$=\".svg\"]{width:48px}.elementor-widget-image img{vertical-align:middle;display:inline-block}<\/style>\t\t\t\t\t\t\t\t\t\t\t\t<img decoding=\"async\" width=\"1280\" height=\"720\" src=\"https:\/\/www.allaccessability.it\/wp-content\/uploads\/2022\/01\/Camera_1-1.jpg\" class=\"attachment-full size-full\" alt=\"\" loading=\"lazy\" srcset=\"https:\/\/www.allaccessability.it\/wp-content\/uploads\/2022\/01\/Camera_1-1.jpg 1280w, https:\/\/www.allaccessability.it\/wp-content\/uploads\/2022\/01\/Camera_1-1-300x169.jpg 300w, https:\/\/www.allaccessability.it\/wp-content\/uploads\/2022\/01\/Camera_1-1-1024x576.jpg 1024w, https:\/\/www.allaccessability.it\/wp-content\/uploads\/2022\/01\/Camera_1-1-768x432.jpg 768w\" sizes=\"(max-width: 1280px) 100vw, 1280px\" \/>\t\t\t\t\t\t\t\t\t\t\t\t\t\t\t<\/div>\n\t\t\t\t<\/div>\n\t\t\t\t\t<\/div>\n\t\t<\/div>\n\t\t\t\t<div class=\"elementor-column elementor-col-50 elementor-top-column elementor-element elementor-element-d0b2378\" data-id=\"d0b2378\" data-element_type=\"column\">\n\t\t\t<div class=\"elementor-widget-wrap elementor-element-populated\">\n\t\t\t\t\t\t\t\t<div class=\"elementor-element elementor-element-ec82ee3 elementor-widget elementor-widget-heading\" data-id=\"ec82ee3\" data-element_type=\"widget\" data-widget_type=\"heading.default\">\n\t\t\t\t<div class=\"elementor-widget-container\">\n\t\t\t<style>\/*! elementor - v3.8.1 - 13-11-2022 *\/\n.elementor-heading-title{padding:0;margin:0;line-height:1}.elementor-widget-heading .elementor-heading-title[class*=elementor-size-]>a{color:inherit;font-size:inherit;line-height:inherit}.elementor-widget-heading .elementor-heading-title.elementor-size-small{font-size:15px}.elementor-widget-heading .elementor-heading-title.elementor-size-medium{font-size:19px}.elementor-widget-heading .elementor-heading-title.elementor-size-large{font-size:29px}.elementor-widget-heading .elementor-heading-title.elementor-size-xl{font-size:39px}.elementor-widget-heading .elementor-heading-title.elementor-size-xxl{font-size:59px}<\/style><h2 class=\"elementor-heading-title elementor-size-default\">DORMITORIO<\/h2>\t\t<\/div>\n\t\t\t\t<\/div>\n\t\t\t\t<div class=\"elementor-element elementor-element-f6758a6 elementor-widget elementor-widget-text-editor\" data-id=\"f6758a6\" data-element_type=\"widget\" data-widget_type=\"text-editor.default\">\n\t\t\t\t<div class=\"elementor-widget-container\">\n\t\t\t<style>\/*! elementor - v3.8.1 - 13-11-2022 *\/\n.elementor-widget-text-editor.elementor-drop-cap-view-stacked .elementor-drop-cap{background-color:#818a91;color:#fff}.elementor-widget-text-editor.elementor-drop-cap-view-framed .elementor-drop-cap{color:#818a91;border:3px solid;background-color:transparent}.elementor-widget-text-editor:not(.elementor-drop-cap-view-default) .elementor-drop-cap{margin-top:8px}.elementor-widget-text-editor:not(.elementor-drop-cap-view-default) .elementor-drop-cap-letter{width:1em;height:1em}.elementor-widget-text-editor .elementor-drop-cap{float:left;text-align:center;line-height:1;font-size:50px}.elementor-widget-text-editor .elementor-drop-cap-letter{display:inline-block}<\/style>\t\t\t\t<p style=\"margin-right: 0px; margin-bottom: 0px; margin-left: 0px; color: #000000; font-family: 'Open Sans', sans-serif; font-weight: 400; text-align: justify;\"><span class=\"style_1646384528329\" style=\"margin: 0px; max-height: 100000px; font-size: 17px; font-family: Lato;\">Creemos que, tanto si se trata de dise\u00f1ar para un hotel como para su propia casa, un dormitorio accesible debe ofrecer un alto nivel de confort y seguridad y, adem\u00e1s, debe tener un aspecto impresionante.<\/span><\/p><p style=\"margin-right: 0px; margin-bottom: 0px; margin-left: 0px; color: #000000; font-family: 'Open Sans', sans-serif; font-weight: 400; text-align: justify;\"><span class=\"style_1646384528329\" style=\"margin: 0px; max-height: 100000px; font-size: 17px; font-family: Lato;\">Nuestra colaboraci\u00f3n con el sector hotelero nos ha hecho ganar premios como el <strong style=\"margin: 0px;\">Premio a la Visita Personalizada Celia Thomas.<\/strong><\/span><\/p>\t\t\t\t\t\t<\/div>\n\t\t\t\t<\/div>\n\t\t\t\t\t<\/div>\n\t\t<\/div>\n\t\t\t\t\t\t\t<\/div>\n\t\t<\/section>\n\t\t\t\t<section class=\"elementor-section elementor-top-section elementor-element elementor-element-7424f31 elementor-section-full_width elementor-section-height-default elementor-section-height-default\" data-id=\"7424f31\" data-element_type=\"section\">\n\t\t\t\t\t\t<div class=\"elementor-container elementor-column-gap-default\">\n\t\t\t\t\t<div class=\"elementor-column elementor-col-50 elementor-top-column elementor-element elementor-element-3ae486c\" data-id=\"3ae486c\" data-element_type=\"column\">\n\t\t\t<div class=\"elementor-widget-wrap elementor-element-populated\">\n\t\t\t\t\t\t\t\t<div class=\"elementor-element elementor-element-3147fb1 elementor-widget elementor-widget-heading\" data-id=\"3147fb1\" data-element_type=\"widget\" data-widget_type=\"heading.default\">\n\t\t\t\t<div class=\"elementor-widget-container\">\n\t\t\t<h2 class=\"elementor-heading-title elementor-size-default\">BA\u00d1O<\/h2>\t\t<\/div>\n\t\t\t\t<\/div>\n\t\t\t\t<div class=\"elementor-element elementor-element-25df8ea elementor-widget elementor-widget-text-editor\" data-id=\"25df8ea\" data-element_type=\"widget\" data-widget_type=\"text-editor.default\">\n\t\t\t\t<div class=\"elementor-widget-container\">\n\t\t\t\t\t\t\t<p style=\"margin-right: 0px; margin-bottom: 0px; margin-left: 0px; color: #000000; font-family: 'Open Sans', sans-serif; font-weight: 400; text-align: justify;\"><span class=\"style_1646384528329\" style=\"margin: 0px; max-height: 100000px; font-size: 17px; font-family: Lato;\">El cuarto de ba\u00f1o es a menudo la habitaci\u00f3n que plantea los mayores obst\u00e1culos para la movilidad y la autonom\u00eda en el espacio vital. Muchas veces las dimensiones de esta sala son limitadas y pueden dificultar los desplazamientos y las maniobras.<\/span><\/p><p style=\"margin-right: 0px; margin-bottom: 0px; margin-left: 0px; color: #000000; font-family: 'Open Sans', sans-serif; font-weight: 400; text-align: justify;\"><span class=\"style_1646384528329\" style=\"margin: 0px; max-height: 100000px; font-size: 17px; font-family: Lato;\">No existe un ba\u00f1o accesible para todas personas, perosiemprehayque tener en cuentalas necesidades de cada uno para crear un entornoutilizable sin descuidarelfactorest\u00e9tico.<\/span><\/p>\t\t\t\t\t\t<\/div>\n\t\t\t\t<\/div>\n\t\t\t\t\t<\/div>\n\t\t<\/div>\n\t\t\t\t<div class=\"elementor-column elementor-col-50 elementor-top-column elementor-element elementor-element-46ae490\" data-id=\"46ae490\" data-element_type=\"column\">\n\t\t\t<div class=\"elementor-widget-wrap elementor-element-populated\">\n\t\t\t\t\t\t\t\t<div class=\"elementor-element elementor-element-fb6e3d6 elementor-widget elementor-widget-image\" data-id=\"fb6e3d6\" data-element_type=\"widget\" data-widget_type=\"image.default\">\n\t\t\t\t<div class=\"elementor-widget-container\">\n\t\t\t\t\t\t\t\t\t\t\t\t\t\t\t<img decoding=\"async\" width=\"1280\" height=\"720\" src=\"https:\/\/www.allaccessability.it\/wp-content\/uploads\/2022\/04\/Camera_5-2.jpg\" class=\"attachment-full size-full\" alt=\"\" loading=\"lazy\" srcset=\"https:\/\/www.allaccessability.it\/wp-content\/uploads\/2022\/04\/Camera_5-2.jpg 1280w, https:\/\/www.allaccessability.it\/wp-content\/uploads\/2022\/04\/Camera_5-2-300x169.jpg 300w, https:\/\/www.allaccessability.it\/wp-content\/uploads\/2022\/04\/Camera_5-2-1024x576.jpg 1024w, https:\/\/www.allaccessability.it\/wp-content\/uploads\/2022\/04\/Camera_5-2-768x432.jpg 768w\" sizes=\"(max-width: 1280px) 100vw, 1280px\" \/>\t\t\t\t\t\t\t\t\t\t\t\t\t\t\t<\/div>\n\t\t\t\t<\/div>\n\t\t\t\t\t<\/div>\n\t\t<\/div>\n\t\t\t\t\t\t\t<\/div>\n\t\t<\/section>\n\t\t\t\t<section class=\"elementor-section elementor-top-section elementor-element elementor-element-c03505f elementor-section-full_width elementor-section-height-default elementor-section-height-default\" data-id=\"c03505f\" data-element_type=\"section\">\n\t\t\t\t\t\t<div class=\"elementor-container elementor-column-gap-default\">\n\t\t\t\t\t<div class=\"elementor-column elementor-col-50 elementor-top-column elementor-element elementor-element-467dd14\" data-id=\"467dd14\" data-element_type=\"column\">\n\t\t\t<div class=\"elementor-widget-wrap elementor-element-populated\">\n\t\t\t\t\t\t\t\t<div class=\"elementor-element elementor-element-9108bc2 elementor-widget elementor-widget-image\" data-id=\"9108bc2\" data-element_type=\"widget\" data-widget_type=\"image.default\">\n\t\t\t\t<div class=\"elementor-widget-container\">\n\t\t\t\t\t\t\t\t\t\t\t\t\t\t\t<img decoding=\"async\" width=\"1280\" height=\"720\" src=\"https:\/\/www.allaccessability.it\/wp-content\/uploads\/2022\/04\/IP2_-vista-2.jpg\" class=\"attachment-full size-full\" alt=\"\" loading=\"lazy\" srcset=\"https:\/\/www.allaccessability.it\/wp-content\/uploads\/2022\/04\/IP2_-vista-2.jpg 1280w, https:\/\/www.allaccessability.it\/wp-content\/uploads\/2022\/04\/IP2_-vista-2-300x169.jpg 300w, https:\/\/www.allaccessability.it\/wp-content\/uploads\/2022\/04\/IP2_-vista-2-1024x576.jpg 1024w, https:\/\/www.allaccessability.it\/wp-content\/uploads\/2022\/04\/IP2_-vista-2-768x432.jpg 768w\" sizes=\"(max-width: 1280px) 100vw, 1280px\" \/>\t\t\t\t\t\t\t\t\t\t\t\t\t\t\t<\/div>\n\t\t\t\t<\/div>\n\t\t\t\t\t<\/div>\n\t\t<\/div>\n\t\t\t\t<div class=\"elementor-column elementor-col-50 elementor-top-column elementor-element elementor-element-0a0265b\" data-id=\"0a0265b\" data-element_type=\"column\">\n\t\t\t<div class=\"elementor-widget-wrap elementor-element-populated\">\n\t\t\t\t\t\t\t\t<div class=\"elementor-element elementor-element-ca5d94a elementor-widget elementor-widget-heading\" data-id=\"ca5d94a\" data-element_type=\"widget\" data-widget_type=\"heading.default\">\n\t\t\t\t<div class=\"elementor-widget-container\">\n\t\t\t<h2 class=\"elementor-heading-title elementor-size-default\">RECEPCI\u00d3N<\/h2>\t\t<\/div>\n\t\t\t\t<\/div>\n\t\t\t\t<div class=\"elementor-element elementor-element-5452c12 elementor-widget elementor-widget-text-editor\" data-id=\"5452c12\" data-element_type=\"widget\" data-widget_type=\"text-editor.default\">\n\t\t\t\t<div class=\"elementor-widget-container\">\n\t\t\t\t\t\t\t<p style=\"margin-right: 0px; margin-bottom: 0px; margin-left: 0px; color: #000000; font-family: 'Open Sans', sans-serif; font-weight: 400; text-align: justify;\"><span class=\"style_1646384528329\" style=\"margin: 0px; max-height: 100000px; font-size: 17px; font-family: Lato;\">Crear una buena iluminaci\u00f3n, utilizar colorescontrastadosqueaumenten la percepci\u00f3n sensorial.<\/span><\/p><p style=\"margin-right: 0px; margin-bottom: 0px; margin-left: 0px; color: #000000; font-family: 'Open Sans', sans-serif; font-weight: 400; text-align: justify;\"> <\/p><p style=\"margin-right: 0px; margin-bottom: 0px; margin-left: 0px; color: #000000; font-family: 'Open Sans', sans-serif; font-weight: 400; text-align: justify;\"><span class=\"style_1646384528329\" style=\"margin: 0px; max-height: 100000px; font-size: 17px; font-family: Lato;\">Integrar Ayudas: mapast\u00e1ctiles y sistemas tecnol\u00f3gicos para hacer m\u00e1s utilizables las salas<\/span><\/p><p style=\"margin-right: 0px; margin-bottom: 0px; margin-left: 0px; color: #000000; font-family: 'Open Sans', sans-serif; font-weight: 400; text-align: justify;\"> <\/p><p style=\"margin-right: 0px; margin-bottom: 0px; margin-left: 0px; color: #000000; font-family: 'Open Sans', sans-serif; font-weight: 400; text-align: justify;\"><span class=\"style_1646384528329\" style=\"margin: 0px; max-height: 100000px; font-size: 17px; font-family: Lato;\">Hacerque la zona de recepci\u00f3n sea claramente visible y con una zona facilitada para laspersonas con discapacidad: ancianos, sordos, sordomudos, personas de bajaestatura&#8230;<\/span><\/p>\t\t\t\t\t\t<\/div>\n\t\t\t\t<\/div>\n\t\t\t\t\t<\/div>\n\t\t<\/div>\n\t\t\t\t\t\t\t<\/div>\n\t\t<\/section>\n\t\t\t\t<section class=\"elementor-section elementor-top-section elementor-element elementor-element-496a4a8 elementor-section-full_width elementor-section-height-default elementor-section-height-default\" data-id=\"496a4a8\" data-element_type=\"section\">\n\t\t\t\t\t\t<div class=\"elementor-container elementor-column-gap-default\">\n\t\t\t\t\t<div class=\"elementor-column elementor-col-50 elementor-top-column elementor-element elementor-element-43567e0\" data-id=\"43567e0\" data-element_type=\"column\">\n\t\t\t<div class=\"elementor-widget-wrap elementor-element-populated\">\n\t\t\t\t\t\t\t\t<div class=\"elementor-element elementor-element-a63f715 elementor-widget elementor-widget-heading\" data-id=\"a63f715\" data-element_type=\"widget\" data-widget_type=\"heading.default\">\n\t\t\t\t<div class=\"elementor-widget-container\">\n\t\t\t<h2 class=\"elementor-heading-title elementor-size-default\">ADAPTACIONES PARA EL HOGAR<\/h2>\t\t<\/div>\n\t\t\t\t<\/div>\n\t\t\t\t<div class=\"elementor-element elementor-element-d0970c6 elementor-widget elementor-widget-text-editor\" data-id=\"d0970c6\" data-element_type=\"widget\" data-widget_type=\"text-editor.default\">\n\t\t\t\t<div class=\"elementor-widget-container\">\n\t\t\t\t\t\t\t<p style=\"margin-right: 0px; margin-bottom: 0px; margin-left: 0px; color: #000000; font-family: 'Open Sans', sans-serif; font-weight: 400; text-align: justify;\"><span class=\"style_1646384528329\" style=\"margin: 0px; max-height: 100000px; font-size: 17px; font-family: Lato;\">Nuestro Objetivo es mejorar la accesibilidad de los edificios y espacios urbanos para aumentar la calidad de vida de laspersonasqueloshabitan, susfamilias y visitantes, fomentando una mayorautonom\u00eda e independencia.<\/span><\/p><p style=\"margin-right: 0px; margin-bottom: 0px; margin-left: 0px; color: #000000; font-family: 'Open Sans', sans-serif; font-weight: 400; text-align: justify;\"> <\/p><p style=\"margin-right: 0px; margin-bottom: 0px; margin-left: 0px; color: #000000; font-family: 'Open Sans', sans-serif; font-weight: 400; text-align: justify;\"><span class=\"style_1646384528329\" style=\"margin: 0px; max-height: 100000px; font-size: 17px; font-family: Lato;\"><strong style=\"margin: 0px;\">La personalizaci\u00f3n de los espacios vitales<\/strong> responde inequ\u00edvocamente a las necesidades de quien es loso cupan. <strong style=\"margin: 0px;\">Por ello, analizamos cuidadosamente su uso y estilo de vida para garantizar una soluci\u00f3n \u00f3ptima, as\u00ed como una propuesta arquitect\u00f3nica\u00fanica.<\/strong><\/span><\/p><p style=\"margin-right: 0px; margin-bottom: 0px; margin-left: 0px; color: #000000; font-family: 'Open Sans', sans-serif; font-weight: 400; text-align: justify;\"> <\/p><p style=\"margin-right: 0px; margin-bottom: 0px; margin-left: 0px; color: #000000; font-family: 'Open Sans', sans-serif; font-weight: 400; text-align: justify;\"><span class=\"style_1646384528329\" style=\"margin: 0px; max-height: 100000px; font-size: 17px; font-family: Lato;\">Conocer C\u00f3mo se relaciona cada persona con su entorno es necesario para abordar la adaptaci\u00f3nfuncional y personalizada de su vivienda. Adaptar su casa significa mejorar su calidad de vida. <\/span><\/p>\t\t\t\t\t\t<\/div>\n\t\t\t\t<\/div>\n\t\t\t\t\t<\/div>\n\t\t<\/div>\n\t\t\t\t<div class=\"elementor-column elementor-col-50 elementor-top-column elementor-element elementor-element-5acb025\" data-id=\"5acb025\" data-element_type=\"column\">\n\t\t\t<div class=\"elementor-widget-wrap elementor-element-populated\">\n\t\t\t\t\t\t\t\t<div class=\"elementor-element elementor-element-8df49c0 elementor-widget elementor-widget-image\" data-id=\"8df49c0\" data-element_type=\"widget\" data-widget_type=\"image.default\">\n\t\t\t\t<div class=\"elementor-widget-container\">\n\t\t\t\t\t\t\t\t\t\t\t\t\t\t\t<img decoding=\"async\" width=\"859\" height=\"665\" src=\"https:\/\/www.allaccessability.it\/wp-content\/uploads\/2022\/04\/camera-2.jpg\" class=\"attachment-full size-full\" alt=\"\" loading=\"lazy\" srcset=\"https:\/\/www.allaccessability.it\/wp-content\/uploads\/2022\/04\/camera-2.jpg 859w, https:\/\/www.allaccessability.it\/wp-content\/uploads\/2022\/04\/camera-2-300x232.jpg 300w, https:\/\/www.allaccessability.it\/wp-content\/uploads\/2022\/04\/camera-2-768x595.jpg 768w\" sizes=\"(max-width: 859px) 100vw, 859px\" \/>\t\t\t\t\t\t\t\t\t\t\t\t\t\t\t<\/div>\n\t\t\t\t<\/div>\n\t\t\t\t\t<\/div>\n\t\t<\/div>\n\t\t\t\t\t\t\t<\/div>\n\t\t<\/section>\n\t\t\t\t<section class=\"elementor-section elementor-top-section elementor-element elementor-element-93368d6 elementor-section-full_width elementor-section-height-default elementor-section-height-default\" data-id=\"93368d6\" data-element_type=\"section\">\n\t\t\t\t\t\t<div class=\"elementor-container elementor-column-gap-default\">\n\t\t\t\t\t<div class=\"elementor-column elementor-col-50 elementor-top-column elementor-element elementor-element-ebf133a\" data-id=\"ebf133a\" data-element_type=\"column\">\n\t\t\t<div class=\"elementor-widget-wrap elementor-element-populated\">\n\t\t\t\t\t\t\t\t<div class=\"elementor-element elementor-element-c4b4917 elementor-widget elementor-widget-image\" data-id=\"c4b4917\" data-element_type=\"widget\" data-widget_type=\"image.default\">\n\t\t\t\t<div class=\"elementor-widget-container\">\n\t\t\t\t\t\t\t\t\t\t\t\t\t\t\t<img decoding=\"async\" width=\"612\" height=\"408\" src=\"https:\/\/www.allaccessability.it\/wp-content\/uploads\/2022\/04\/uffici.jpg\" class=\"attachment-full size-full\" alt=\"\" loading=\"lazy\" srcset=\"https:\/\/www.allaccessability.it\/wp-content\/uploads\/2022\/04\/uffici.jpg 612w, https:\/\/www.allaccessability.it\/wp-content\/uploads\/2022\/04\/uffici-300x200.jpg 300w\" sizes=\"(max-width: 612px) 100vw, 612px\" \/>\t\t\t\t\t\t\t\t\t\t\t\t\t\t\t<\/div>\n\t\t\t\t<\/div>\n\t\t\t\t\t<\/div>\n\t\t<\/div>\n\t\t\t\t<div class=\"elementor-column elementor-col-50 elementor-top-column elementor-element elementor-element-abc3870\" data-id=\"abc3870\" data-element_type=\"column\">\n\t\t\t<div class=\"elementor-widget-wrap elementor-element-populated\">\n\t\t\t\t\t\t\t\t<div class=\"elementor-element elementor-element-29a1c88 elementor-widget elementor-widget-heading\" data-id=\"29a1c88\" data-element_type=\"widget\" data-widget_type=\"heading.default\">\n\t\t\t\t<div class=\"elementor-widget-container\">\n\t\t\t<h2 class=\"elementor-heading-title elementor-size-default\">OFICINAS<\/h2>\t\t<\/div>\n\t\t\t\t<\/div>\n\t\t\t\t<div class=\"elementor-element elementor-element-3b0cc37 elementor-widget elementor-widget-text-editor\" data-id=\"3b0cc37\" data-element_type=\"widget\" data-widget_type=\"text-editor.default\">\n\t\t\t\t<div class=\"elementor-widget-container\">\n\t\t\t\t\t\t\t<p style=\"margin-right: 0px; margin-bottom: 0px; margin-left: 0px; color: #000000; font-family: 'Open Sans', sans-serif; font-weight: 400; text-align: justify;\"><span class=\"style_1646384528329\" style=\"margin: 0px; max-height: 100000px; font-size: 17px; font-family: Lato;\">La adaptabilidad se refierea la posibilidad de modificar el espacio construido a lo largo del tiempo con costo slimitados, para quesea completamente y f\u00e1cilmente utilizable incluso por personas con capacidad motriz o sensorial reducida o impedida.<\/span><\/p><p style=\"margin-right: 0px; margin-bottom: 0px; margin-left: 0px; color: #000000; font-family: 'Open Sans', sans-serif; font-weight: 400; text-align: justify;\"> <\/p><p style=\"margin-right: 0px; margin-bottom: 0px; margin-left: 0px; color: #000000; font-family: 'Open Sans', sans-serif; font-weight: 400; text-align: justify;\"><strong style=\"margin: 0px;\"><span class=\"style_1646384528329\" style=\"margin: 0px; max-height: 100000px; font-size: 17px; font-family: Lato;\">Nuestro M\u00e9todo de dise\u00f1o de oficinas y servicios privados es aplicable a lasfases de dise\u00f1o y readaptaci\u00f3n de cualquier edificio.<\/span><\/strong><\/p><p style=\"margin-right: 0px; margin-bottom: 0px; margin-left: 0px; color: #000000; font-family: 'Open Sans', sans-serif; font-weight: 400; text-align: justify;\"> <\/p><p style=\"margin-right: 0px; margin-bottom: 0px; margin-left: 0px; color: #000000; font-family: 'Open Sans', sans-serif; font-weight: 400; text-align: justify;\"><span class=\"style_1646384528329\" style=\"margin: 0px; max-height: 100000px; font-size: 17px; font-family: Lato;\">El dise\u00f1o debe satisfacer las necesidades de cualquier usuario.<\/span><\/p>\t\t\t\t\t\t<\/div>\n\t\t\t\t<\/div>\n\t\t\t\t\t<\/div>\n\t\t<\/div>\n\t\t\t\t\t\t\t<\/div>\n\t\t<\/section>\n\t\t\t\t\t\t\t<\/div>\n\t\t","protected":false},"excerpt":{"rendered":"<p>DORMITORIO Creemos que, tanto si se trata de dise\u00f1ar para un hotel como para su propia casa, un dormitorio accesible debe ofrecer un alto nivel de confort y seguridad y, adem\u00e1s, debe tener un aspecto impresionante. Nuestra colaboraci\u00f3n con el sector hotelero nos ha hecho ganar premios como el Premio a la Visita Personalizada Celia [&hellip;]<\/p>\n","protected":false},"author":2,"featured_media":0,"parent":0,"menu_order":0,"comment_status":"closed","ping_status":"closed","template":"elementor_header_footer","meta":[],"_links":{"self":[{"href":"https:\/\/www.allaccessability.it\/es\/wp-json\/wp\/v2\/pages\/1165"}],"collection":[{"href":"https:\/\/www.allaccessability.it\/es\/wp-json\/wp\/v2\/pages"}],"about":[{"href":"https:\/\/www.allaccessability.it\/es\/wp-json\/wp\/v2\/types\/page"}],"author":[{"embeddable":true,"href":"https:\/\/www.allaccessability.it\/es\/wp-json\/wp\/v2\/users\/2"}],"replies":[{"embeddable":true,"href":"https:\/\/www.allaccessability.it\/es\/wp-json\/wp\/v2\/comments?post=1165"}],"version-history":[{"count":4,"href":"https:\/\/www.allaccessability.it\/es\/wp-json\/wp\/v2\/pages\/1165\/revisions"}],"predecessor-version":[{"id":1252,"href":"https:\/\/www.allaccessability.it\/es\/wp-json\/wp\/v2\/pages\/1165\/revisions\/1252"}],"wp:attachment":[{"href":"https:\/\/www.allaccessability.it\/es\/wp-json\/wp\/v2\/media?parent=1165"}],"curies":[{"name":"wp","href":"https:\/\/api.w.org\/{rel}","templated":true}]}}