{"id":1179,"date":"2022-04-12T08:50:55","date_gmt":"2022-04-12T08:50:55","guid":{"rendered":"https:\/\/www.allaccessability.it\/que-dicen-de-nosotros\/"},"modified":"2022-06-30T07:50:48","modified_gmt":"2022-06-30T07:50:48","slug":"que-dicen-de-nosotros","status":"publish","type":"page","link":"https:\/\/www.allaccessability.it\/es\/que-dicen-de-nosotros\/","title":{"rendered":"Que dicen de nosotros"},"content":{"rendered":"\t\t<div data-elementor-type=\"wp-page\" data-elementor-id=\"1179\" class=\"elementor elementor-1179 elementor-750\">\n\t\t\t\t\t\t\t\t\t<section class=\"elementor-section elementor-top-section elementor-element elementor-element-ead746a elementor-section-boxed elementor-section-height-default elementor-section-height-default\" data-id=\"ead746a\" data-element_type=\"section\">\n\t\t\t\t\t\t<div class=\"elementor-container elementor-column-gap-default\">\n\t\t\t\t\t<div class=\"elementor-column elementor-col-100 elementor-top-column elementor-element elementor-element-faefcf0\" data-id=\"faefcf0\" data-element_type=\"column\">\n\t\t\t<div class=\"elementor-widget-wrap elementor-element-populated\">\n\t\t\t\t\t\t\t\t<div class=\"elementor-element elementor-element-04e0046 elementor-widget elementor-widget-heading\" data-id=\"04e0046\" data-element_type=\"widget\" data-widget_type=\"heading.default\">\n\t\t\t\t<div class=\"elementor-widget-container\">\n\t\t\t<style>\/*! elementor - v3.8.1 - 13-11-2022 *\/\n.elementor-heading-title{padding:0;margin:0;line-height:1}.elementor-widget-heading .elementor-heading-title[class*=elementor-size-]>a{color:inherit;font-size:inherit;line-height:inherit}.elementor-widget-heading .elementor-heading-title.elementor-size-small{font-size:15px}.elementor-widget-heading .elementor-heading-title.elementor-size-medium{font-size:19px}.elementor-widget-heading .elementor-heading-title.elementor-size-large{font-size:29px}.elementor-widget-heading .elementor-heading-title.elementor-size-xl{font-size:39px}.elementor-widget-heading .elementor-heading-title.elementor-size-xxl{font-size:59px}<\/style><h2 class=\"elementor-heading-title elementor-size-xl\">PREMIOS DE ACCESO AL DISTINTIVO AZUL<\/h2>\t\t<\/div>\n\t\t\t\t<\/div>\n\t\t\t\t<div class=\"elementor-element elementor-element-ae6637c elementor-widget elementor-widget-heading\" data-id=\"ae6637c\" data-element_type=\"widget\" data-widget_type=\"heading.default\">\n\t\t\t\t<div class=\"elementor-widget-container\">\n\t\t\t<h2 class=\"elementor-heading-title elementor-size-large\"><h2 data-elementor-setting-key=\"title\" data-pen-placeholder=\"Digita qui...\" style=\"font-family: Roboto, sans-serif; color: rgb(51, 51, 51);\">Concurso internacional del sector de la hosteler\u00eda para All Access Ability, con sede en M\u00f3dena<\/h2><\/h2>\t\t<\/div>\n\t\t\t\t<\/div>\n\t\t\t\t<section class=\"elementor-section elementor-inner-section elementor-element elementor-element-10c57c0 elementor-section-full_width elementor-section-height-default elementor-section-height-default\" data-id=\"10c57c0\" data-element_type=\"section\">\n\t\t\t\t\t\t<div class=\"elementor-container elementor-column-gap-default\">\n\t\t\t\t\t<div class=\"elementor-column elementor-col-50 elementor-inner-column elementor-element elementor-element-bbbb6e2\" data-id=\"bbbb6e2\" data-element_type=\"column\">\n\t\t\t<div class=\"elementor-widget-wrap elementor-element-populated\">\n\t\t\t\t\t\t\t\t<div class=\"elementor-element elementor-element-2d29b66 elementor-widget elementor-widget-text-editor\" data-id=\"2d29b66\" data-element_type=\"widget\" data-widget_type=\"text-editor.default\">\n\t\t\t\t<div class=\"elementor-widget-container\">\n\t\t\t<style>\/*! elementor - v3.8.1 - 13-11-2022 *\/\n.elementor-widget-text-editor.elementor-drop-cap-view-stacked .elementor-drop-cap{background-color:#818a91;color:#fff}.elementor-widget-text-editor.elementor-drop-cap-view-framed .elementor-drop-cap{color:#818a91;border:3px solid;background-color:transparent}.elementor-widget-text-editor:not(.elementor-drop-cap-view-default) .elementor-drop-cap{margin-top:8px}.elementor-widget-text-editor:not(.elementor-drop-cap-view-default) .elementor-drop-cap-letter{width:1em;height:1em}.elementor-widget-text-editor .elementor-drop-cap{float:left;text-align:center;line-height:1;font-size:50px}.elementor-widget-text-editor .elementor-drop-cap-letter{display:inline-block}<\/style>\t\t\t\t<p style=\"margin-right: 0px; margin-bottom: 0px; margin-left: 0px; color: #000000; font-family: 'Open Sans', sans-serif; font-weight: 400; text-align: justify;\">Si en 2018 Marcello y Elena hab\u00edan ganado el concurso, este a\u00f1o, lamentablemente, se quedaron a un paso de la victoria: aunque no ganaron el premio en met\u00e1lico del primer acc\u00e9sit, recibieron una propuesta de colaboraci\u00f3n laboral de 12 meses por parte de la organizaci\u00f3n de los Premios, que valor\u00f3 sus ideas.  <br><br>Estamos igualmente contentos de haber participado, de haber llegado a la final y de haber mostrado al mundo nuestros proyectos\u00bb, continu\u00f3 Elena. \u00abQueremos transmitir el mensaje de que es posible crear lugares acogedores para todos, no destinados a una categor\u00eda concreta de usuarios, sino capaces de acoger tanto a hombres y mujeres sanos como a discapacitados.  <br><br>Creemos que la \u00abinclusi\u00f3n\u00bb -en t\u00e9rminos de dise\u00f1o de espacios- significa exactamente eso. Aunque los premios de este a\u00f1o no fueron como esper\u00e1bamos, para nosotros la verdadera victoria es ayudar a superar las dificultades que impiden a las personas discapacitadas vivir plenamente su vida; porque las barreras pueden y deben superarse.  <br><br>La propuesta de colaboraci\u00f3n con la Academia es una gran oportunidad que confirma que estamos haciendo todo lo posible para eliminar estos obst\u00e1culos, y eso nos basta.<\/p>\t\t\t\t\t\t<\/div>\n\t\t\t\t<\/div>\n\t\t\t\t\t<\/div>\n\t\t<\/div>\n\t\t\t\t<div class=\"elementor-column elementor-col-50 elementor-inner-column elementor-element elementor-element-9724027\" data-id=\"9724027\" data-element_type=\"column\">\n\t\t\t<div class=\"elementor-widget-wrap elementor-element-populated\">\n\t\t\t\t\t\t\t\t<div class=\"elementor-element elementor-element-2f91eab elementor-widget elementor-widget-image\" data-id=\"2f91eab\" data-element_type=\"widget\" data-widget_type=\"image.default\">\n\t\t\t\t<div class=\"elementor-widget-container\">\n\t\t\t<style>\/*! elementor - v3.8.1 - 13-11-2022 *\/\n.elementor-widget-image{text-align:center}.elementor-widget-image a{display:inline-block}.elementor-widget-image a img[src$=\".svg\"]{width:48px}.elementor-widget-image img{vertical-align:middle;display:inline-block}<\/style>\t\t\t\t\t\t\t\t\t\t\t\t<img decoding=\"async\" width=\"800\" height=\"450\" src=\"https:\/\/www.allaccessability.it\/wp-content\/uploads\/2022\/06\/BLUE-BADGE-ACCESS-AWARDS-1024x576.jpg\" class=\"attachment-large size-large\" alt=\"\" loading=\"lazy\" srcset=\"https:\/\/www.allaccessability.it\/wp-content\/uploads\/2022\/06\/BLUE-BADGE-ACCESS-AWARDS-1024x576.jpg 1024w, https:\/\/www.allaccessability.it\/wp-content\/uploads\/2022\/06\/BLUE-BADGE-ACCESS-AWARDS-300x169.jpg 300w, https:\/\/www.allaccessability.it\/wp-content\/uploads\/2022\/06\/BLUE-BADGE-ACCESS-AWARDS-768x432.jpg 768w, https:\/\/www.allaccessability.it\/wp-content\/uploads\/2022\/06\/BLUE-BADGE-ACCESS-AWARDS.jpg 1200w\" sizes=\"(max-width: 800px) 100vw, 800px\" \/>\t\t\t\t\t\t\t\t\t\t\t\t\t\t\t<\/div>\n\t\t\t\t<\/div>\n\t\t\t\t\t<\/div>\n\t\t<\/div>\n\t\t\t\t\t\t\t<\/div>\n\t\t<\/section>\n\t\t\t\t\t<\/div>\n\t\t<\/div>\n\t\t\t\t\t\t\t<\/div>\n\t\t<\/section>\n\t\t\t\t<section class=\"elementor-section elementor-top-section elementor-element elementor-element-b8e8a82 elementor-section-boxed elementor-section-height-default elementor-section-height-default\" data-id=\"b8e8a82\" data-element_type=\"section\">\n\t\t\t\t\t\t<div class=\"elementor-container elementor-column-gap-default\">\n\t\t\t\t\t<div class=\"elementor-column elementor-col-100 elementor-top-column elementor-element elementor-element-5bd5fff\" data-id=\"5bd5fff\" data-element_type=\"column\">\n\t\t\t<div class=\"elementor-widget-wrap elementor-element-populated\">\n\t\t\t\t\t\t\t\t<div class=\"elementor-element elementor-element-e8d5e81 elementor-widget elementor-widget-heading\" data-id=\"e8d5e81\" data-element_type=\"widget\" data-widget_type=\"heading.default\">\n\t\t\t\t<div class=\"elementor-widget-container\">\n\t\t\t<h2 class=\"elementor-heading-title elementor-size-xl\">ACCESO A BEESPOKE WORD 2018<\/h2>\t\t<\/div>\n\t\t\t\t<\/div>\n\t\t\t\t<div class=\"elementor-element elementor-element-71ce9b8 elementor-widget elementor-widget-heading\" data-id=\"71ce9b8\" data-element_type=\"widget\" data-widget_type=\"heading.default\">\n\t\t\t\t<div class=\"elementor-widget-container\">\n\t\t\t<h2 class=\"elementor-heading-title elementor-size-large\">Defender la hospitalidad accesible<\/h2>\t\t<\/div>\n\t\t\t\t<\/div>\n\t\t\t\t<section class=\"elementor-section elementor-inner-section elementor-element elementor-element-1aedb70 elementor-section-full_width elementor-section-height-default elementor-section-height-default\" data-id=\"1aedb70\" data-element_type=\"section\">\n\t\t\t\t\t\t<div class=\"elementor-container elementor-column-gap-default\">\n\t\t\t\t\t<div class=\"elementor-column elementor-col-50 elementor-inner-column elementor-element elementor-element-d456f77\" data-id=\"d456f77\" data-element_type=\"column\">\n\t\t\t<div class=\"elementor-widget-wrap elementor-element-populated\">\n\t\t\t\t\t\t\t\t<div class=\"elementor-element elementor-element-367a1bf elementor-widget elementor-widget-text-editor\" data-id=\"367a1bf\" data-element_type=\"widget\" data-widget_type=\"text-editor.default\">\n\t\t\t\t<div class=\"elementor-widget-container\">\n\t\t\t\t\t\t\t<p style=\"margin-right: 0px; margin-bottom: 0px; margin-left: 0px; color: #000000; font-family: 'Open Sans', sans-serif; font-weight: 400; text-align: justify;\"><span class=\"style_1646384528329\" style=\"margin: 0px; max-height: 100000px; font-size: 17px; font-family: Lato;\">La presentaci\u00f3n de M. Claudia Brighenti y Marcello D&#8217;Orsi se centr\u00f3 en las formas de adaptar los alojamientos existentes para atender a los viajeros discapacitados, centr\u00e1ndose en los espacios p\u00fablicos de los hoteles y en las instalaciones de alojamiento. El dise\u00f1o mostr\u00f3 los peque\u00f1os cambios que pueden hacerse para mejorar significativamente el recorrido de un hu\u00e9sped discapacitado por las instalaciones.<\/span><\/p><p style=\"margin-right: 0px; margin-bottom: 0px; margin-left: 0px; color: #000000; font-family: 'Open Sans', sans-serif; font-weight: 400; text-align: justify;\"> <\/p><p style=\"margin-right: 0px; margin-bottom: 0px; margin-left: 0px; color: #000000; font-family: 'Open Sans', sans-serif; font-weight: 400; text-align: justify;\"><span class=\"style_1646384528329\" style=\"margin: 0px; max-height: 100000px; font-size: 17px; font-family: Lato;\">El arquitecto y juez <strong style=\"margin: 0px;\">ALAN STANTON<\/strong>, del premiado estudio de arquitectura STANTON WILLIAMS, dijo del proyecto:<\/span><\/p><p style=\"margin-right: 0px; margin-bottom: 0px; margin-left: 0px; color: #000000; font-family: 'Open Sans', sans-serif; font-weight: 400; text-align: justify;\"> <\/p><p style=\"margin-right: 0px; margin-bottom: 0px; margin-left: 0px; color: #000000; font-family: 'Open Sans', sans-serif; font-weight: 400; text-align: justify;\"><strong style=\"margin: 0px;\"><span class=\"style_1646384528329\" style=\"margin: 0px; max-height: 100000px; font-size: 17px; font-family: Lato;\">\u00abMe impresion\u00f3 especialmente la atenci\u00f3n que prestaron al recorrido del cliente a trav\u00e9s de las zonas de recepci\u00f3n y vest\u00edbulo, \u00e1reas que a menudo son pasadas por alto tanto por los arquitectos como por los contratistas, y es f\u00e1cil pensar en ellas como algo meramente transitorio, pero pueden mejorar o interrumpir significativamente la experiencia de un hu\u00e9sped, por lo que fue emocionante verlas destacadas y abordadas con tanto cuidado.\u00bb<\/span><\/strong><\/p><p style=\"margin-right: 0px; margin-bottom: 0px; margin-left: 0px; color: #000000; font-family: 'Open Sans', sans-serif; font-weight: 400; text-align: justify;\"> <\/p><p style=\"margin-right: 0px; margin-bottom: 0px; margin-left: 0px; color: #000000; font-family: 'Open Sans', sans-serif; font-weight: 400; text-align: justify;\"><span class=\"style_1646384528329\" style=\"margin: 0px; max-height: 100000px; font-size: 17px; font-family: Lato;\"> \u00abLa comunidad de arquitectos de todo el pa\u00eds ha acogido realmente los Access Awards desde su lanzamiento en 2016\u00bb, ha declarado Jane Duncan, RIBA Immediate Past President.<\/span><\/p><p style=\"margin-right: 0px; margin-bottom: 0px; margin-left: 0px; color: #000000; font-family: 'Open Sans', sans-serif; font-weight: 400; text-align: justify;\"><span class=\"style_1646384528329\" style=\"margin: 0px; max-height: 100000px; font-size: 17px; font-family: Lato;\"> \u00abEs incre\u00edblemente alentador para el futuro del turismo accesible ver que los premios de este a\u00f1o atraen el inter\u00e9s de todo el mundo, as\u00ed como ideas que arrojan luz sobre algunos de los aspectos m\u00e1s a menudo ignorados de los viajes para discapacitados\u00bb.<\/span><\/p>\t\t\t\t\t\t<\/div>\n\t\t\t\t<\/div>\n\t\t\t\t\t<\/div>\n\t\t<\/div>\n\t\t\t\t<div class=\"elementor-column elementor-col-50 elementor-inner-column elementor-element elementor-element-4582694\" data-id=\"4582694\" data-element_type=\"column\">\n\t\t\t<div class=\"elementor-widget-wrap elementor-element-populated\">\n\t\t\t\t\t\t\t\t<div class=\"elementor-element elementor-element-2067daa elementor-widget elementor-widget-image\" data-id=\"2067daa\" data-element_type=\"widget\" data-widget_type=\"image.default\">\n\t\t\t\t<div class=\"elementor-widget-container\">\n\t\t\t\t\t\t\t\t\t\t\t\t\t\t\t<img decoding=\"async\" width=\"540\" height=\"480\" src=\"https:\/\/www.allaccessability.it\/wp-content\/uploads\/2022\/04\/robin-sheppard-baroness-celia-thomas-marcello-dorsi-web-res.jpg\" class=\"attachment-large size-large\" alt=\"\" loading=\"lazy\" srcset=\"https:\/\/www.allaccessability.it\/wp-content\/uploads\/2022\/04\/robin-sheppard-baroness-celia-thomas-marcello-dorsi-web-res.jpg 540w, https:\/\/www.allaccessability.it\/wp-content\/uploads\/2022\/04\/robin-sheppard-baroness-celia-thomas-marcello-dorsi-web-res-300x267.jpg 300w\" sizes=\"(max-width: 540px) 100vw, 540px\" \/>\t\t\t\t\t\t\t\t\t\t\t\t\t\t\t<\/div>\n\t\t\t\t<\/div>\n\t\t\t\t\t<\/div>\n\t\t<\/div>\n\t\t\t\t\t\t\t<\/div>\n\t\t<\/section>\n\t\t\t\t\t<\/div>\n\t\t<\/div>\n\t\t\t\t\t\t\t<\/div>\n\t\t<\/section>\n\t\t\t\t<section class=\"elementor-section elementor-top-section elementor-element elementor-element-3964e1e elementor-section-boxed elementor-section-height-default elementor-section-height-default\" data-id=\"3964e1e\" data-element_type=\"section\">\n\t\t\t\t\t\t<div class=\"elementor-container elementor-column-gap-default\">\n\t\t\t\t\t<div class=\"elementor-column elementor-col-100 elementor-top-column elementor-element elementor-element-9fec93b\" data-id=\"9fec93b\" data-element_type=\"column\">\n\t\t\t<div class=\"elementor-widget-wrap elementor-element-populated\">\n\t\t\t\t\t\t\t\t<div class=\"elementor-element elementor-element-75d2f80 elementor-widget elementor-widget-heading\" data-id=\"75d2f80\" data-element_type=\"widget\" data-widget_type=\"heading.default\">\n\t\t\t\t<div class=\"elementor-widget-container\">\n\t\t\t<h2 class=\"elementor-heading-title elementor-size-xl\">ACCESSABILITIES EXPO DUBAI 2019<\/h2>\t\t<\/div>\n\t\t\t\t<\/div>\n\t\t\t\t<section class=\"elementor-section elementor-inner-section elementor-element elementor-element-270b088 elementor-section-full_width elementor-section-height-default elementor-section-height-default\" data-id=\"270b088\" data-element_type=\"section\">\n\t\t\t\t\t\t<div class=\"elementor-container elementor-column-gap-default\">\n\t\t\t\t\t<div class=\"elementor-column elementor-col-50 elementor-inner-column elementor-element elementor-element-1487377\" data-id=\"1487377\" data-element_type=\"column\">\n\t\t\t<div class=\"elementor-widget-wrap elementor-element-populated\">\n\t\t\t\t\t\t\t\t<div class=\"elementor-element elementor-element-f532b1c elementor-widget elementor-widget-text-editor\" data-id=\"f532b1c\" data-element_type=\"widget\" data-widget_type=\"text-editor.default\">\n\t\t\t\t<div class=\"elementor-widget-container\">\n\t\t\t\t\t\t\t<p><span style=\"color: #000000; font-family: Lato; font-size: 17px; font-weight: 400; text-align: justify;\">Elena y Marcello son los padres de Gabriele, un ni\u00f1o de 13 a\u00f1os con m\u00faltiples discapacidades. Por tanto, est\u00e1n familiarizados con las dificultades que pueden encontrarse al viajar, por trabajo o vacaciones y en la vida cotidiana. Marcello y Elena son tambi\u00e9n fundadores de la asociaci\u00f3n \u00abLos \u00e1ngeles de Gabriele\u00bb, que apoya a los ni\u00f1os ciegos.<\/span><br style=\"margin: 0px; color: #000000; font-family: Lato; font-size: 17px; font-weight: 400; text-align: justify;\"><br style=\"margin: 0px; color: #000000; font-family: Lato; font-size: 17px; font-weight: 400; text-align: justify;\"><span style=\"color: #000000; font-family: Lato; font-size: 17px; font-weight: 400; text-align: justify;\">\u00abHemos experimentado, tambi\u00e9n a trav\u00e9s de la asociaci\u00f3n, que, en el \u00e1mbito de la discapacidad, podemos perdernos en los meandros debido a las dificultades entre el sector p\u00fablico y el privado\u00bb, afirma Marcello d&#8217;Orsi, \u00abmuchas veces no somos capaces de obtener las respuestas que necesitamos, y esto es as\u00ed en varios \u00e1mbitos: tanto en el de la rehabilitaci\u00f3n a domicilio como en el del turismo. De hecho, durante las vacaciones, los discapacitados no ven garantizados sus derechos con demasiada frecuencia. Por nuestra parte, pretendemos combinar la demanda con la oferta para cubrir las necesidades de las familias de los fr\u00e1giles\u00bb.<\/span><br style=\"margin: 0px; color: #000000; font-family: Lato; font-size: 17px; font-weight: 400; text-align: justify;\"><br style=\"margin: 0px; color: #000000; font-family: Lato; font-size: 17px; font-weight: 400; text-align: justify;\"><span style=\"color: #000000; font-family: Lato; font-size: 17px; font-weight: 400; text-align: justify;\">Adem\u00e1s, All Access Ability \u00abdise\u00f1a y realiza entornos accesibles inclusivos utilizando las tecnolog\u00edas m\u00e1s avanzadas en el campo de la rob\u00f3tica y la dom\u00f3tica para garantizar el m\u00e1ximo confort en el entorno. Y nuestro objetivo es hacer que las empresas comprendan que, al trabajar en red, sin quedarse atrincheradas en sus propias fronteras, pueden crear negocio\u00bb.<\/span><\/p>\t\t\t\t\t\t<\/div>\n\t\t\t\t<\/div>\n\t\t\t\t\t<\/div>\n\t\t<\/div>\n\t\t\t\t<div class=\"elementor-column elementor-col-50 elementor-inner-column elementor-element elementor-element-ab86ad3\" data-id=\"ab86ad3\" data-element_type=\"column\">\n\t\t\t<div class=\"elementor-widget-wrap elementor-element-populated\">\n\t\t\t\t\t\t\t\t<div class=\"elementor-element elementor-element-891b697 elementor-widget elementor-widget-image\" data-id=\"891b697\" data-element_type=\"widget\" data-widget_type=\"image.default\">\n\t\t\t\t<div class=\"elementor-widget-container\">\n\t\t\t\t\t\t\t\t\t\t\t\t\t\t\t<img decoding=\"async\" width=\"261\" height=\"427\" src=\"https:\/\/www.allaccessability.it\/wp-content\/uploads\/2022\/04\/IMG-20220213-WA0010-1-e1649753838144.jpg\" class=\"attachment-full size-full\" alt=\"\" loading=\"lazy\" srcset=\"https:\/\/www.allaccessability.it\/wp-content\/uploads\/2022\/04\/IMG-20220213-WA0010-1-e1649753838144.jpg 261w, https:\/\/www.allaccessability.it\/wp-content\/uploads\/2022\/04\/IMG-20220213-WA0010-1-e1649753838144-183x300.jpg 183w\" sizes=\"(max-width: 261px) 100vw, 261px\" \/>\t\t\t\t\t\t\t\t\t\t\t\t\t\t\t<\/div>\n\t\t\t\t<\/div>\n\t\t\t\t\t<\/div>\n\t\t<\/div>\n\t\t\t\t\t\t\t<\/div>\n\t\t<\/section>\n\t\t\t\t<div class=\"elementor-element elementor-element-31a2943 elementor-widget elementor-widget-text-editor\" data-id=\"31a2943\" data-element_type=\"widget\" data-widget_type=\"text-editor.default\">\n\t\t\t\t<div class=\"elementor-widget-container\">\n\t\t\t\t\t\t\t<p><span style=\"color: rgb(0, 0, 0); font-family: Lato; font-size: 17px; font-weight: 400; text-align: justify;\">Los clientes de la empresa se encuentran tanto en Italia como en el extranjero. \u00abM\u00e1s all\u00e1 de las fronteras, hemos ganado visibilidad sobre todo despu\u00e9s de recibir un prestigioso premio internacional en Londres el a\u00f1o pasado\u00bb, dice Marcello, \u00abFue un premio en un concurso para instalaciones de alojamiento de lujo. Y el objetivo es aumentar cada vez m\u00e1s las exportaciones con horizontes que apuntan a Dubai 2020. \u00abLa gran Expo ser\u00e1 un escaparate muy importante, ya hemos participado en una feria en este pa\u00eds de los Emiratos y pretendemos seguir ampliando\u00bb.<\/span><br style=\"margin: 0px; color: rgb(0, 0, 0); font-family: Lato; font-size: 17px; font-weight: 400; text-align: justify;\"><br style=\"margin: 0px; color: rgb(0, 0, 0); font-family: Lato; font-size: 17px; font-weight: 400; text-align: justify;\"><span style=\"color: rgb(0, 0, 0); font-family: Lato; font-size: 17px; font-weight: 400; text-align: justify;\">\u00abPor nuestra experiencia, podemos concluir que hay que eliminar las barreras arquitect\u00f3nicas desde el punto de vista f\u00edsico, psicol\u00f3gico y sensorial\u00bb &#8211; a\u00f1ade d&#8217;Orsi &#8211; \u00abnuestra empresa tiene socios externos: nos llamamos consultores dentro de la start-up. Y esperamos aportar cada vez m\u00e1s los conocimientos necesarios para operar en el sector de la discapacidad\u00bb.<\/span><br><\/p>\t\t\t\t\t\t<\/div>\n\t\t\t\t<\/div>\n\t\t\t\t\t<\/div>\n\t\t<\/div>\n\t\t\t\t\t\t\t<\/div>\n\t\t<\/section>\n\t\t\t\t\t\t\t<\/div>\n\t\t","protected":false},"excerpt":{"rendered":"<p>PREMIOS DE ACCESO AL DISTINTIVO AZUL Concurso internacional del sector de la hosteler\u00eda para All Access Ability, con sede en M\u00f3dena Si en 2018 Marcello y Elena hab\u00edan ganado el concurso, este a\u00f1o, lamentablemente, se quedaron a un paso de la victoria: aunque no ganaron el premio en met\u00e1lico del primer acc\u00e9sit, recibieron una propuesta [&hellip;]<\/p>\n","protected":false},"author":2,"featured_media":0,"parent":0,"menu_order":0,"comment_status":"closed","ping_status":"closed","template":"elementor_header_footer","meta":[],"_links":{"self":[{"href":"https:\/\/www.allaccessability.it\/es\/wp-json\/wp\/v2\/pages\/1179"}],"collection":[{"href":"https:\/\/www.allaccessability.it\/es\/wp-json\/wp\/v2\/pages"}],"about":[{"href":"https:\/\/www.allaccessability.it\/es\/wp-json\/wp\/v2\/types\/page"}],"author":[{"embeddable":true,"href":"https:\/\/www.allaccessability.it\/es\/wp-json\/wp\/v2\/users\/2"}],"replies":[{"embeddable":true,"href":"https:\/\/www.allaccessability.it\/es\/wp-json\/wp\/v2\/comments?post=1179"}],"version-history":[{"count":9,"href":"https:\/\/www.allaccessability.it\/es\/wp-json\/wp\/v2\/pages\/1179\/revisions"}],"predecessor-version":[{"id":1550,"href":"https:\/\/www.allaccessability.it\/es\/wp-json\/wp\/v2\/pages\/1179\/revisions\/1550"}],"wp:attachment":[{"href":"https:\/\/www.allaccessability.it\/es\/wp-json\/wp\/v2\/media?parent=1179"}],"curies":[{"name":"wp","href":"https:\/\/api.w.org\/{rel}","templated":true}]}}